{"id":609,"date":"2021-05-06T08:52:15","date_gmt":"2021-05-06T08:52:15","guid":{"rendered":"https:\/\/www.pelerinages-namurois.be\/?page_id=609"},"modified":"2024-02-07T16:20:30","modified_gmt":"2024-02-07T16:20:30","slug":"liens","status":"publish","type":"page","link":"https:\/\/www.pelerinages-namurois.be\/index.php\/liens\/","title":{"rendered":"Liens"},"content":{"rendered":"<p style=\"margin-bottom: 0cm;\"><em><span style=\"color: #000080;\"><strong>Autres organisations de p\u00e8lerinages :<\/strong><\/span><\/em><\/p>\n<p style=\"margin-bottom: 0cm;\"><a href=\"http:\/\/www.pelerinages-tournai.be\/\" target=\"_blank\" rel=\"noopener\">Les P\u00e8lerinages de Tournai<\/a><\/p>\n<p style=\"margin-bottom: 0cm;\"><a href=\"http:\/\/www.lourdesmb.be\/\" target=\"_blank\" rel=\"noopener\">Les P\u00e8lerinages de Malines-Bruxelles<\/a><\/p>\n<p style=\"margin-bottom: 0cm;\"><a href=\"https:\/\/liegealourdes.be\/\" target=\"_blank\" rel=\"noopener\">Les P\u00e8lerinages de Li\u00e8ge<\/a><\/p>\n<p style=\"margin-bottom: 0cm;\"><a href=\"https:\/\/centremarial.be\" target=\"_blank\" rel=\"noopener\">Les P\u00e8lerinages Montfortains<\/a><\/p>\n<p>&nbsp;<\/p>\n<p style=\"margin-bottom: 0cm;\"><em><span style=\"color: #000080;\"><strong>Eglise :<\/strong><\/span><\/em><\/p>\n<p style=\"margin-bottom: 0cm;\"><a href=\"https:\/\/www.vatican.va\/content\/vatican\/fr.html\" target=\"_blank\" rel=\"noopener\">Le Vatican<\/a><\/p>\n<p style=\"margin-bottom: 0cm;\"><a href=\"http:\/\/www.cathobel.be\" target=\"_blank\" rel=\"noopener\">L&rsquo;Eglise de Belgique<\/a><\/p>\n<p style=\"margin-bottom: 0cm;\"><a href=\"http:\/\/www.diocesedenamur.be\" target=\"_blank\" rel=\"noopener\">Le Dioc\u00e8se de Namur<\/a><\/p>\n<p style=\"margin-bottom: 0cm;\"><a href=\"http:\/\/www.doyennededinant.com\" target=\"_blank\" rel=\"noopener\">Le Doyenn\u00e9 de Dinant<\/a><\/p>\n<p>&nbsp;<\/p>\n<p style=\"margin-bottom: 0cm;\"><span style=\"color: #000080;\"><em><strong>M\u00e9dia :<\/strong><\/em><\/span><\/p>\n<p style=\"margin-bottom: 0cm;\"><a href=\"https:\/\/rcf.be\/category\/sudbelgique\" target=\"_blank\" rel=\"noopener\">RCF Sud-Belgique (Namur, Bastogne)<\/a><\/p>\n<p style=\"margin-bottom: 0cm;\"><a href=\"http:\/\/www.ktotv.com\" target=\"_blank\" rel=\"noopener\">KTO<\/a><\/p>\n<p style=\"margin-bottom: 0cm;\"><a href=\"https:\/\/www.cathobel.be\/abonnement-journal-dimanche\/\" target=\"_blank\" rel=\"noopener\">Journal\u00a0Dimanche<\/a><\/p>\n<p style=\"margin-bottom: 0cm;\"><a href=\"https:\/\/www.terresainte.net\/terre-sainte-magazine\/\" target=\"_blank\" rel=\"noopener\">Terre Sainte Magazine<\/a><\/p>\n<p>&nbsp;<\/p>\n<p style=\"margin-bottom: 0cm;\"><span style=\"color: #000080;\"><em><strong>Sanctuaires :<\/strong><\/em><\/span><\/p>\n<p style=\"margin-bottom: 0cm;\"><a href=\"https:\/\/www.lourdes-france.org\/\" target=\"_blank\" rel=\"noopener\">Lourdes<\/a><\/p>\n<p style=\"margin-bottom: 0cm;\"><a href=\"http:\/\/www.sanctuairesdebeauraing.be\/\" target=\"_blank\" rel=\"noopener\">Beauraing<\/a><\/p>\n<p style=\"margin-bottom: 0cm;\"><a href=\"http:\/\/www.banneux-nd.be\/\" target=\"_blank\" rel=\"noopener\">Banneux\u00a0<\/a><\/p>\n<p>&nbsp;<\/p>\n<p style=\"margin-bottom: 0cm;\"><span style=\"color: #000080;\"><em><strong>Librairies religieuses :<\/strong><\/em><\/span><\/p>\n<p style=\"margin-bottom: 0cm;\"><a href=\"http:\/\/www.librairiescdd.be\/\" target=\"_blank\" rel=\"noopener\">Librairies CDD<\/a><\/p>\n","protected":false},"excerpt":{"rendered":"<p>Autres organisations de p\u00e8lerinages : Les P\u00e8lerinages de Tournai Les P\u00e8lerinages de Malines-Bruxelles Les P\u00e8lerinages de Li\u00e8ge Les P\u00e8lerinages Montfortains &nbsp; Eglise : Le Vatican L&rsquo;Eglise de Belgique Le Dioc\u00e8se de Namur Le Doyenn\u00e9 de Dinant &nbsp; M\u00e9dia : RCF Sud-Belgique (Namur, Bastogne) KTO Journal\u00a0Dimanche Terre Sainte Magazine &nbsp; Sanctuaires : Lourdes Beauraing Banneux\u00a0 &nbsp; Librairies religieuses : Librairies CDD<\/p>\n","protected":false},"author":1,"featured_media":0,"parent":0,"menu_order":0,"comment_status":"closed","ping_status":"closed","template":"","meta":{"footnotes":""},"class_list":["post-609","page","type-page","status-publish","hentry"],"_links":{"self":[{"href":"https:\/\/www.pelerinages-namurois.be\/index.php\/wp-json\/wp\/v2\/pages\/609","targetHints":{"allow":["GET"]}}],"collection":[{"href":"https:\/\/www.pelerinages-namurois.be\/index.php\/wp-json\/wp\/v2\/pages"}],"about":[{"href":"https:\/\/www.pelerinages-namurois.be\/index.php\/wp-json\/wp\/v2\/types\/page"}],"author":[{"embeddable":true,"href":"https:\/\/www.pelerinages-namurois.be\/index.php\/wp-json\/wp\/v2\/users\/1"}],"replies":[{"embeddable":true,"href":"https:\/\/www.pelerinages-namurois.be\/index.php\/wp-json\/wp\/v2\/comments?post=609"}],"version-history":[{"count":17,"href":"https:\/\/www.pelerinages-namurois.be\/index.php\/wp-json\/wp\/v2\/pages\/609\/revisions"}],"predecessor-version":[{"id":2254,"href":"https:\/\/www.pelerinages-namurois.be\/index.php\/wp-json\/wp\/v2\/pages\/609\/revisions\/2254"}],"wp:attachment":[{"href":"https:\/\/www.pelerinages-namurois.be\/index.php\/wp-json\/wp\/v2\/media?parent=609"}],"curies":[{"name":"wp","href":"https:\/\/api.w.org\/{rel}","templated":true}]}}