{"id":2228,"date":"2024-02-07T10:23:38","date_gmt":"2024-02-07T10:23:38","guid":{"rendered":"https:\/\/www.pelerinages-namurois.be\/?page_id=2228"},"modified":"2026-02-24T14:25:01","modified_gmt":"2026-02-24T14:25:01","slug":"chretiens-de-terre-sainte","status":"publish","type":"page","link":"https:\/\/www.pelerinages-namurois.be\/index.php\/chretiens-de-terre-sainte\/","title":{"rendered":"Chr\u00e9tiens de Terre Sainte"},"content":{"rendered":"<p class=\"p2\"><b><img fetchpriority=\"high\" decoding=\"async\" class=\"wp-image-2236 alignleft\" src=\"https:\/\/www.pelerinages-namurois.be\/wp-content\/uploads\/2024\/02\/IMG_20190320_145443_resized_20190321_050634435-copie.jpg\" alt=\"\" width=\"502\" height=\"377\" srcset=\"https:\/\/www.pelerinages-namurois.be\/wp-content\/uploads\/2024\/02\/IMG_20190320_145443_resized_20190321_050634435-copie.jpg 2304w, https:\/\/www.pelerinages-namurois.be\/wp-content\/uploads\/2024\/02\/IMG_20190320_145443_resized_20190321_050634435-copie-300x225.jpg 300w, https:\/\/www.pelerinages-namurois.be\/wp-content\/uploads\/2024\/02\/IMG_20190320_145443_resized_20190321_050634435-copie-768x576.jpg 768w, https:\/\/www.pelerinages-namurois.be\/wp-content\/uploads\/2024\/02\/IMG_20190320_145443_resized_20190321_050634435-copie-1536x1152.jpg 1536w, https:\/\/www.pelerinages-namurois.be\/wp-content\/uploads\/2024\/02\/IMG_20190320_145443_resized_20190321_050634435-copie-2048x1536.jpg 2048w, https:\/\/www.pelerinages-namurois.be\/wp-content\/uploads\/2024\/02\/IMG_20190320_145443_resized_20190321_050634435-copie-600x450.jpg 600w\" sizes=\"(max-width: 502px) 100vw, 502px\" \/>Vous avez r\u00e9pondu g\u00e9n\u00e9reusement \u00e0 notre appel \u00e0 soutenir les Chr\u00e9tiens de Terre Sainte<\/b><\/p>\n<p class=\"p3\" style=\"text-align: justify;\">Depuis les attaques du 7 octobre 2023, la guerre qui s\u2019en est suivie et le cessez-le-feu actuel, encore fragile, la Terre Sainte traverse une p\u00e9riode d\u2019extr\u00eame incertitude. Cette situation a entra\u00een\u00e9 l\u2019arr\u00eat quasi total des p\u00e8lerinages, touchant de plein fouet les communaut\u00e9s chr\u00e9tiennes dont de nombreuses familles vivaient directement ou indirectement de l\u2019accueil des p\u00e8lerins. Artisans, h\u00f4teliers, guides, commer\u00e7ants : derri\u00e8re les lieux saints que nous aimons tant, ce sont des communaut\u00e9s enti\u00e8res qui peinent aujourd\u2019hui \u00e0 vivre dignement et \u00e0 rester sur cette terre o\u00f9 le Christ est n\u00e9. Leur pr\u00e9sence est pourtant essentielle, tant pour la vie de l\u2019\u00c9glise que pour le t\u00e9moignage de paix et de dialogue qu\u2019ils portent au quotidien. Mais l\u2019impact de cette situation va bien au-del\u00e0 de ces familles. En Terre Sainte, les communaut\u00e9s chr\u00e9tiennes assurent une part essentielle du tissu social : elles portent un vaste r\u00e9seau d\u2019\u00e9coles, d\u2019h\u00f4pitaux, de dispensaires et de services sociaux, ouverts \u00e0 tous sans distinction d\u2019origine ou de religion. Des milliers d\u2019enfants, de malades, de personnes \u00e2g\u00e9es et de familles en difficult\u00e9 b\u00e9n\u00e9ficient chaque jour de cet engagement discret et fid\u00e8le. Aujourd\u2019hui, la fragilisation \u00e9conomique des communaut\u00e9s chr\u00e9tiennes menace directement ces \u0153uvres vitales. Faute de ressources suffisantes, certaines \u00e9coles peinent \u00e0 payer leurs enseignants, des h\u00f4pitaux et centres de soins luttent pour continuer \u00e0 offrir des services de qualit\u00e9, et de nombreuses actions sociales risquent d\u2019\u00eatre r\u00e9duites, voire interrompues. En faisant un don, vous posez un geste concret de fraternit\u00e9 et d\u2019esp\u00e9rance. Votre soutien permet d\u2019aider ces communaut\u00e9s \u00e0 faire face aux difficult\u00e9s \u00e9conomiques actuelles, \u00e0 subvenir aux besoins essentiels et \u00e0 continuer \u00e0 vivre et \u00e0 t\u00e9moigner de leur foi en Terre Sainte. Merci de tout c\u0153ur pour votre g\u00e9n\u00e9rosit\u00e9 et votre solidarit\u00e9. Ensemble, aidons les chr\u00e9tiens de Terre Sainte \u00e0 tenir bon dans l\u2019\u00e9preuve, \u00e0 continuer d\u2019\u00eatre des artisans de paix et de fraternit\u00e9 et \u00e0 garder vivante la flamme de l\u2019esp\u00e9rance chr\u00e9tienne.<\/p>\n<p class=\"p3\" style=\"text-align: justify;\"><span class=\"s1\">Vous pouvez nous adresser votre don sur le compte bancaire :<\/span><\/p>\n<p class=\"p3\"><span style=\"color: #000080;\"><b>BE98 3500 0380 9593<\/b><\/span><\/p>\n<p class=\"p4\"><span style=\"color: #000080;\">Terre de sens ASBL \/ P\u00e8lerinages Namurois<\/span><\/p>\n<p class=\"p4\"><span style=\"color: #000080;\">avec la communication : <i>\u00ab\u00a0Don Terre Sainte\u00a0\u00bb<\/i><\/span><\/p>\n<p class=\"p3\">Ces dons seront int\u00e9gralement revers\u00e9s aux communaut\u00e9s et institutions suivantes :<\/p>\n<p class=\"p3\">&#8211; la Cr\u00e8che de Bethl\u00e9em ;<\/p>\n<p class=\"p4\">&#8211; les Sal\u00e9siens de Bethl\u00e9em ;<\/p>\n<p class=\"p4\">&#8211; le foyer grec-catholique de J\u00e9rusalem ;<\/p>\n<p class=\"p4\">&#8211; le foyer maronite de J\u00e9rusalem ;<\/p>\n<p class=\"p4\">&#8211; la communaut\u00e9 grecque-catholique de Bethl\u00e9em.<\/p>\n<p class=\"p4\"><span class=\"s2\"><b>Attention<\/b><\/span> : le versement d\u2019un don ne s\u2019accompagne pas d\u2019une attestation fiscale. Merci de tout c\u0153ur pour votre g\u00e9n\u00e9rosit\u00e9.<\/p>\n<hr \/>\n<h3 class=\"p2\"><span style=\"color: #000080;\"><b>Nouvelles de l&rsquo;orphelinat de Bethl\u00e9em<\/b><\/span><\/h3>\n<p class=\"p5\" style=\"text-align: left;\"><span class=\"s3\" style=\"color: #000080;\"><img decoding=\"async\" class=\"wp-image-2232 alignleft\" src=\"https:\/\/www.pelerinages-namurois.be\/wp-content\/uploads\/2024\/02\/Capture-decran-2024-01-23-a-09.29.11.png\" alt=\"\" width=\"384\" height=\"259\" srcset=\"https:\/\/www.pelerinages-namurois.be\/wp-content\/uploads\/2024\/02\/Capture-decran-2024-01-23-a-09.29.11.png 2436w, https:\/\/www.pelerinages-namurois.be\/wp-content\/uploads\/2024\/02\/Capture-decran-2024-01-23-a-09.29.11-300x202.png 300w, https:\/\/www.pelerinages-namurois.be\/wp-content\/uploads\/2024\/02\/Capture-decran-2024-01-23-a-09.29.11-768x517.png 768w, https:\/\/www.pelerinages-namurois.be\/wp-content\/uploads\/2024\/02\/Capture-decran-2024-01-23-a-09.29.11-1536x1034.png 1536w, https:\/\/www.pelerinages-namurois.be\/wp-content\/uploads\/2024\/02\/Capture-decran-2024-01-23-a-09.29.11-2048x1379.png 2048w, https:\/\/www.pelerinages-namurois.be\/wp-content\/uploads\/2024\/02\/Capture-decran-2024-01-23-a-09.29.11-600x404.png 600w\" sizes=\"(max-width: 384px) 100vw, 384px\" \/>Chers amis,<\/span><\/p>\n<p class=\"p5\" style=\"text-align: left;\"><span style=\"color: #000080;\">Les \u00e9toiles peuvent souvent se cacher derri\u00e8re de sombres nuages, mais elles ne disparaissent jamais vraiment. Elles demeurent, et leur lumi\u00e8re ne tarde pas \u00e0 briller de nouveau. Telle est la nature de l\u2019espoir : parfois obscurci par les soucis, les \u00e9preuves et les nombreux conflits engendr\u00e9s par l\u2019homme, il peut sembler absent. Pourtant, une chose est certaine : viendra le moment o\u00f9 la lueur de cet espoir brillera \u00e0 nouveau dans nos coeurs et nos \u00e2mes, annon\u00e7ant un nouveau d\u00e9part empli d\u2019amour, de bont\u00e9 et de paix. <\/span><\/p>\n<p class=\"p5\" style=\"text-align: left;\"><span style=\"color: #000080;\">Telle est notre situation en ces jours o\u00f9 nous approchons de la glorieuse f\u00eate de No\u00ebl. Malgr\u00e9 l\u2019impasse politique persistante, l\u2019aggravation des difficult\u00e9s \u00e9conomiques dans de nombreux pays \u2013 et \u00e0 Bethl\u00e9em, lieu de naissance de J\u00e9sus-Christ, en particulier \u2013 nos coeurs restent remplis d\u2019espoir en un avenir meilleur. <\/span><\/p>\n<p class=\"p5\" style=\"text-align: left;\"><span style=\"color: #000080;\">Et quoi de plus beau que la naissance du Sauveur de l\u2019humanit\u00e9, artisan de la paix sur terre, qui nous enseigne une le\u00e7on et illumine les t\u00e9n\u00e8bres de notre r\u00e9alit\u00e9 et de nos vies ? Pour nous, \u00e0 la Cr\u00e8che de Bethl\u00e9em, No\u00ebl est bien plus qu\u2019une simple comm\u00e9moration annuelle c\u00e9l\u00e9br\u00e9e quelques jours avant de s\u2019estomper. Au contraire, nous vivons No\u00ebl au quotidien, intens\u00e9ment, dans toutes ses dimensions humaines, spirituelles et morales, face \u00e0 chaque probl\u00e8me social qui frappe \u00e0 notre porte et sollicite notre aide. <\/span><\/p>\n<p class=\"p5\" style=\"text-align: left;\"><span style=\"color: #000080;\">De la plupart de ces situations, nous apprenons que la voix de la vie est toujours plus forte et triomphante. Chaque fois qu\u2019un enfant est con\u00e7u avec violence, n\u00e9 dans l\u2019obscurit\u00e9 de la nuit, puis est abandonn\u00e9 dans un lieu isol\u00e9, vou\u00e9 au rejet car non d\u00e9sir\u00e9, et qu\u2019un miracle se produit \u2013 cet enfant est trouv\u00e9, accueilli dans la chaleur de la Cr\u00e8che parmi d\u2019autres enfants comme lui, re\u00e7oit un nom et est serr\u00e9 dans une \u00e9treinte aimante \u2013, nous sommes rassur\u00e9s : la Vie sera toujours plus forte et victorieuse, et la joie de No\u00ebl triomphera in\u00e9vitablement. <\/span><\/p>\n<p class=\"p5\" style=\"text-align: left;\"><span style=\"color: #000080;\">C\u2019est ainsi que nous c\u00e9l\u00e9brons No\u00ebl chaque jour de l\u2019ann\u00e9e. Le point culminant se situe \u00e0 la fin de l\u2019ann\u00e9e, lorsque tout le monde \u2013 enfants, nounous, enseignants et employ\u00e9s \u2013 s\u2019affaire \u00e0 pr\u00e9parer les festivit\u00e9s en d\u00e9corant les chambres et le sapin et pr\u00e9pare les v\u00eatements de f\u00eate, dans l\u2019attente du grand jour o\u00f9 l\u2019Enfant fid\u00e8le arrive et o\u00f9 le P\u00e8re No\u00ebl apporte ses cadeaux et ses friandises. <\/span><\/p>\n<p class=\"p5\" style=\"text-align: left;\"><span style=\"color: #000080;\">Et merci \u00e0 tous ceux qui ont \u00e9t\u00e9 pour nous les rois mages. <\/span><\/p>\n<p class=\"p5\" style=\"text-align: left;\"><span style=\"color: #000080;\">Au nom de toute la Cr\u00e8che, je vous souhaite un joyeux No\u00ebl et une Bonne et Sainte ann\u00e9e 2026.<\/span><\/p>\n<p class=\"p6\" style=\"text-align: right;\"><span class=\"s3\" style=\"color: #000080;\">S\u0153ur Denise ABI HAIDAR, <\/span><\/p>\n<p class=\"p6\" style=\"text-align: right;\"><span class=\"s3\" style=\"color: #000080;\">Fille de la Charit\u00e9, Bethl\u00e9em.<\/span><\/p>\n","protected":false},"excerpt":{"rendered":"<p>Vous avez r\u00e9pondu g\u00e9n\u00e9reusement \u00e0 notre appel \u00e0 soutenir les Chr\u00e9tiens de Terre Sainte Depuis les attaques du 7 octobre 2023, la guerre qui s\u2019en est suivie et le cessez-le-feu actuel, encore fragile, la Terre Sainte traverse une p\u00e9riode d\u2019extr\u00eame incertitude. Cette situation a entra\u00een\u00e9 l\u2019arr\u00eat quasi total des p\u00e8lerinages, touchant de plein fouet les communaut\u00e9s chr\u00e9tiennes dont de nombreuses &hellip; <\/p>\n","protected":false},"author":1,"featured_media":0,"parent":0,"menu_order":0,"comment_status":"closed","ping_status":"closed","template":"","meta":{"footnotes":""},"class_list":["post-2228","page","type-page","status-publish","hentry"],"_links":{"self":[{"href":"https:\/\/www.pelerinages-namurois.be\/index.php\/wp-json\/wp\/v2\/pages\/2228","targetHints":{"allow":["GET"]}}],"collection":[{"href":"https:\/\/www.pelerinages-namurois.be\/index.php\/wp-json\/wp\/v2\/pages"}],"about":[{"href":"https:\/\/www.pelerinages-namurois.be\/index.php\/wp-json\/wp\/v2\/types\/page"}],"author":[{"embeddable":true,"href":"https:\/\/www.pelerinages-namurois.be\/index.php\/wp-json\/wp\/v2\/users\/1"}],"replies":[{"embeddable":true,"href":"https:\/\/www.pelerinages-namurois.be\/index.php\/wp-json\/wp\/v2\/comments?post=2228"}],"version-history":[{"count":18,"href":"https:\/\/www.pelerinages-namurois.be\/index.php\/wp-json\/wp\/v2\/pages\/2228\/revisions"}],"predecessor-version":[{"id":3122,"href":"https:\/\/www.pelerinages-namurois.be\/index.php\/wp-json\/wp\/v2\/pages\/2228\/revisions\/3122"}],"wp:attachment":[{"href":"https:\/\/www.pelerinages-namurois.be\/index.php\/wp-json\/wp\/v2\/media?parent=2228"}],"curies":[{"name":"wp","href":"https:\/\/api.w.org\/{rel}","templated":true}]}}