{"id":11,"date":"2021-04-07T13:58:31","date_gmt":"2021-04-07T13:58:31","guid":{"rendered":"https:\/\/www.pelerinages-namurois.be\/?page_id=11"},"modified":"2023-11-06T16:15:20","modified_gmt":"2023-11-06T16:15:20","slug":"a-propos-de","status":"publish","type":"page","link":"https:\/\/www.pelerinages-namurois.be\/index.php\/a-propos-de\/","title":{"rendered":"Qui sommes nous ?"},"content":{"rendered":"<hr \/>\n<p><strong>Pr\u00e9sentation :\u00a0<\/strong><\/p>\n<p>Fond\u00e9e par des la\u00efcs en 1903, notre association a pour but en dehors de tout esprit de lucre et en conformit\u00e9 aux directives de l\u2019Eglise catholique\u00a0:<\/p>\n<p>&#8211; l\u2019organisation de p\u00e8lerinages \u00e0 la d\u00e9couverte des hauts lieux de la chr\u00e9tient\u00e9 ainsi que la participation aux grandes manifestations de l\u2019Eglise tels que les congr\u00e8s eucharistiques, les ann\u00e9es saintes, etc ;<\/p>\n<p>&#8211; l\u2019organisation et l\u2019animation de voyages et p\u00e8lerinages pour malades et handicap\u00e9s ainsi que le recrutement, la formation et l\u2019animation du personnel m\u00e9dical et param\u00e9dical n\u00e9cessaire \u00e0 la r\u00e9alisation de ce but ;<\/p>\n<p>&#8211; la publication d\u2019ouvrages et revues, aux divers buts de l\u2019association et le soutien d\u2019initiatives concr\u00e8tes s\u2019y rapportant.<\/p>\n<p>Les P\u00e8lerinages Namurois sont une section de l&rsquo;a.s.b.l. <em>Terre de sens<\/em> &#8211; TVA BE0407.570.838<\/p>\n<p><strong>Direction :<\/strong><br \/>\nAbb\u00e9 Philippe Goffinet<\/p>\n<p><strong>Secr\u00e9tariat : \u00a0 \u00a0 \u00a0<\/strong><\/p>\n<p>Bertrand\u00a0Tavier<\/p>\n<p>Janique Custinne<\/p>\n<p>Luc Glorieus<\/p>\n<p>Antony Oliverio<\/p>\n","protected":false},"excerpt":{"rendered":"<p>Pr\u00e9sentation :\u00a0 Fond\u00e9e par des la\u00efcs en 1903, notre association a pour but en dehors de tout esprit de lucre et en conformit\u00e9 aux directives de l\u2019Eglise catholique\u00a0: &#8211; l\u2019organisation de p\u00e8lerinages \u00e0 la d\u00e9couverte des hauts lieux de la chr\u00e9tient\u00e9 ainsi que la participation aux grandes manifestations de l\u2019Eglise tels que les congr\u00e8s eucharistiques, les ann\u00e9es saintes, etc ; &hellip; <\/p>\n","protected":false},"author":1,"featured_media":0,"parent":0,"menu_order":0,"comment_status":"closed","ping_status":"closed","template":"","meta":{"footnotes":""},"class_list":["post-11","page","type-page","status-publish","hentry"],"_links":{"self":[{"href":"https:\/\/www.pelerinages-namurois.be\/index.php\/wp-json\/wp\/v2\/pages\/11","targetHints":{"allow":["GET"]}}],"collection":[{"href":"https:\/\/www.pelerinages-namurois.be\/index.php\/wp-json\/wp\/v2\/pages"}],"about":[{"href":"https:\/\/www.pelerinages-namurois.be\/index.php\/wp-json\/wp\/v2\/types\/page"}],"author":[{"embeddable":true,"href":"https:\/\/www.pelerinages-namurois.be\/index.php\/wp-json\/wp\/v2\/users\/1"}],"replies":[{"embeddable":true,"href":"https:\/\/www.pelerinages-namurois.be\/index.php\/wp-json\/wp\/v2\/comments?post=11"}],"version-history":[{"count":30,"href":"https:\/\/www.pelerinages-namurois.be\/index.php\/wp-json\/wp\/v2\/pages\/11\/revisions"}],"predecessor-version":[{"id":1955,"href":"https:\/\/www.pelerinages-namurois.be\/index.php\/wp-json\/wp\/v2\/pages\/11\/revisions\/1955"}],"wp:attachment":[{"href":"https:\/\/www.pelerinages-namurois.be\/index.php\/wp-json\/wp\/v2\/media?parent=11"}],"curies":[{"name":"wp","href":"https:\/\/api.w.org\/{rel}","templated":true}]}}